{"id":512,"date":"2019-10-08T15:26:11","date_gmt":"2019-10-08T15:26:11","guid":{"rendered":"https:\/\/kulturedadvisors.com\/?page_id=512"},"modified":"2021-01-03T18:04:03","modified_gmt":"2021-01-03T18:04:03","slug":"gougoua-phouphouet-donatien","status":"publish","type":"page","link":"https:\/\/kulturedadvisors.com\/fr\/gougoua-phouphouet-donatien\/","title":{"rendered":"GOUGOUA PHOUPHOUET DONATIEN"},"content":{"rendered":"<div data-elementor-type=\"wp-post\" data-elementor-id=\"512\" class=\"elementor elementor-512\" data-elementor-post-type=\"page\">\n\t\t\t\t\t\t<section class=\"elementor-section elementor-top-section elementor-element elementor-element-1db8a39 elementor-section-full_width elementor-section-content-bottom elementor-section-height-default elementor-section-height-default\" data-id=\"1db8a39\" data-element_type=\"section\" data-settings=\"{&quot;background_background&quot;:&quot;classic&quot;}\">\n\t\t\t\t\t\t<div class=\"elementor-container elementor-column-gap-no\">\n\t\t\t\t\t<div class=\"elementor-column elementor-col-50 elementor-top-column elementor-element elementor-element-ecb87e6\" data-id=\"ecb87e6\" data-element_type=\"column\">\n\t\t\t<div class=\"elementor-widget-wrap elementor-element-populated\">\n\t\t\t\t\t\t<section class=\"elementor-section elementor-inner-section elementor-element elementor-element-35f5cd8 elementor-reverse-tablet elementor-reverse-mobile elementor-section-boxed elementor-section-height-default elementor-section-height-default\" data-id=\"35f5cd8\" data-element_type=\"section\">\n\t\t\t\t\t\t<div class=\"elementor-container elementor-column-gap-default\">\n\t\t\t\t\t<div class=\"elementor-column elementor-col-100 elementor-inner-column elementor-element elementor-element-8dc1358\" data-id=\"8dc1358\" data-element_type=\"column\">\n\t\t\t<div class=\"elementor-widget-wrap elementor-element-populated\">\n\t\t\t\t\t\t<div class=\"elementor-element elementor-element-900c689 elementor-widget elementor-widget-heading\" data-id=\"900c689\" data-element_type=\"widget\" data-widget_type=\"heading.default\">\n\t\t\t\t<div class=\"elementor-widget-container\">\n\t\t\t\t\t<h1 class=\"elementor-heading-title elementor-size-default\">GOUGOUA PHOUPHOUET DONATIEN<\/h1>\t\t\t\t<\/div>\n\t\t\t\t<\/div>\n\t\t\t\t<div class=\"elementor-element elementor-element-c9f01fa elementor-widget elementor-widget-text-editor\" data-id=\"c9f01fa\" data-element_type=\"widget\" data-widget_type=\"text-editor.default\">\n\t\t\t\t<div class=\"elementor-widget-container\">\n\t\t\t\t\t\t\t\t\t<p>Executive Director, PLAYDOO C\u00f4te d\u2019Ivoire<\/p>\t\t\t\t\t\t\t\t<\/div>\n\t\t\t\t<\/div>\n\t\t\t\t<div class=\"elementor-element elementor-element-3a5ab48 elementor-widget elementor-widget-text-editor\" data-id=\"3a5ab48\" data-element_type=\"widget\" data-widget_type=\"text-editor.default\">\n\t\t\t\t<div class=\"elementor-widget-container\">\n\t\t\t\t\t\t\t\t\t<p>Professional Career-Coach, Manager and Expert in human rights and support to civil society.<\/p>\t\t\t\t\t\t\t\t<\/div>\n\t\t\t\t<\/div>\n\t\t\t\t<div class=\"elementor-element elementor-element-57f3381 elementor-widget elementor-widget-text-editor\" data-id=\"57f3381\" data-element_type=\"widget\" data-widget_type=\"text-editor.default\">\n\t\t\t\t<div class=\"elementor-widget-container\">\n\t\t\t\t\t\t\t\t\t<p>Cultural action professional.<\/p>\t\t\t\t\t\t\t\t<\/div>\n\t\t\t\t<\/div>\n\t\t\t\t\t<\/div>\n\t\t<\/div>\n\t\t\t\t\t<\/div>\n\t\t<\/section>\n\t\t\t\t\t<\/div>\n\t\t<\/div>\n\t\t\t\t<div class=\"elementor-column elementor-col-50 elementor-top-column elementor-element elementor-element-2e2ff5c\" data-id=\"2e2ff5c\" data-element_type=\"column\" data-settings=\"{&quot;background_background&quot;:&quot;classic&quot;}\">\n\t\t\t<div class=\"elementor-widget-wrap\">\n\t\t\t\t\t<div class=\"elementor-background-overlay\"><\/div>\n\t\t\t\t\t\t\t<\/div>\n\t\t<\/div>\n\t\t\t\t\t<\/div>\n\t\t<\/section>\n\t\t\t\t<section class=\"elementor-section elementor-top-section elementor-element elementor-element-1d99479 elementor-section-content-middle elementor-section-boxed elementor-section-height-default elementor-section-height-default\" data-id=\"1d99479\" data-element_type=\"section\" data-settings=\"{&quot;background_background&quot;:&quot;classic&quot;}\">\n\t\t\t\t\t\t<div class=\"elementor-container elementor-column-gap-no\">\n\t\t\t\t\t<div class=\"elementor-column elementor-col-100 elementor-top-column elementor-element elementor-element-8252f7f\" data-id=\"8252f7f\" data-element_type=\"column\">\n\t\t\t<div class=\"elementor-widget-wrap elementor-element-populated\">\n\t\t\t\t\t\t<section class=\"elementor-section elementor-inner-section elementor-element elementor-element-8ee4d02 elementor-section-boxed elementor-section-height-default elementor-section-height-default\" data-id=\"8ee4d02\" data-element_type=\"section\">\n\t\t\t\t\t\t<div class=\"elementor-container elementor-column-gap-default\">\n\t\t\t\t\t<div class=\"elementor-column elementor-col-100 elementor-inner-column elementor-element elementor-element-23b4525\" data-id=\"23b4525\" data-element_type=\"column\">\n\t\t\t<div class=\"elementor-widget-wrap elementor-element-populated\">\n\t\t\t\t\t\t<div class=\"elementor-element elementor-element-448575d elementor-widget elementor-widget-heading\" data-id=\"448575d\" data-element_type=\"widget\" data-widget_type=\"heading.default\">\n\t\t\t\t<div class=\"elementor-widget-container\">\n\t\t\t\t\t<h2 class=\"elementor-heading-title elementor-size-default\">Qui Suis-je?<\/h2>\t\t\t\t<\/div>\n\t\t\t\t<\/div>\n\t\t\t\t\t<\/div>\n\t\t<\/div>\n\t\t\t\t\t<\/div>\n\t\t<\/section>\n\t\t\t\t<div class=\"elementor-element elementor-element-6294d5c elementor-widget elementor-widget-text-editor\" data-id=\"6294d5c\" data-element_type=\"widget\" data-widget_type=\"text-editor.default\">\n\t\t\t\t<div class=\"elementor-widget-container\">\n\t\t\t\t\t\t\t\t\t<p>De nationalit\u00e9 ivoirienne, GOUGOUA Phouphouet Donatien justifie d\u2019un haut potentiel bas\u00e9 sur ses diff\u00e9rentes formations et les missions exerc\u00e9es, lui conf\u00e9rant le profil de <strong>Coach-Manager &#8211; Expert en Gouvernance, Droits humains et Appui \u00e0 la Soci\u00e9t\u00e9 civile. Dipl\u00f4m\u00e9 en Actions Culturelles<\/strong>.<\/p><p>Il compte plus de 15 ann\u00e9es travail en dans la promotion de la Gouvernance, des Droits de l\u2019homme (l\u2019\u00e9galit\u00e9 des genres comprise), la Gestion des conflits, et l\u2019appui organisationnel \u00e0 travers des missions de Planification, de Coordination, de Renforcement des capacit\u00e9s (fundraising, formation, coaching, conseil), de Plaidoyer, de de Recherche, de Gestion des savoirs et de Valorisation des comp\u00e9tences.<\/p><p>Il justifie d\u2019une exp\u00e9rience confirm\u00e9e dans les relations avec les institutions publiques (Parlement, Collectivit\u00e9s d\u00e9centralis\u00e9es\u2026), l\u2019appui aux OSCs et \u00e0 la jeunesse. Il est \u00e9prouv\u00e9 aux proc\u00e9dures des bailleurs (USAID, Union europ\u00e9enne, Agence Fran\u00e7aise de D\u00e9veloppement\u2026).<\/p><p>Il a une formation en Droits de l\u2019homme sanctionn\u00e9e par un Dipl\u00f4me d\u2019Etudes Sup\u00e9rieures Sp\u00e9cialis\u00e9es (Centre de Recherche et d\u2019Action pour la Paix, Abidjan, 2005) et un Certificat Sp\u00e9cialis\u00e9 en Formateur de Formateurs Africains aux Droits de l\u2019homme (Institut des Droits de l\u2019Homme de Lyon et Universit\u00e9 Catholique d\u2019Afrique de Centrale de Yaound\u00e9, Yaound\u00e9, 2004 \u2013 Ouagadougou 2005). Il est aussi dipl\u00f4m\u00e9 d\u2019Etudes Sup\u00e9rieures en Arts Dramatiques (BAC + 4) et d\u2019un autre Dipl\u00f4me d\u2019Etudes Sup\u00e9rieures Sp\u00e9cialis\u00e9es en Actions Culturelles tous les deux obtenus \u00e0 l\u2019Institut National Sup\u00e9rieur des Arts et d\u2019Action Culturelle d\u2019Abidjan.<\/p>\t\t\t\t\t\t\t\t<\/div>\n\t\t\t\t<\/div>\n\t\t\t\t<div class=\"elementor-element elementor-element-d4e2dce elementor-align-left elementor-tablet-align-center elementor-widget elementor-widget-button\" data-id=\"d4e2dce\" data-element_type=\"widget\" data-widget_type=\"button.default\">\n\t\t\t\t<div class=\"elementor-widget-container\">\n\t\t\t\t\t\t\t\t\t<div class=\"elementor-button-wrapper\">\n\t\t\t\t\t<a class=\"elementor-button elementor-button-link elementor-size-sm\" href=\"#\">\n\t\t\t\t\t\t<span class=\"elementor-button-content-wrapper\">\n\t\t\t\t\t\t\t\t\t<span class=\"elementor-button-text\">COMPETENCES CLES                                                                                                          <\/span>\n\t\t\t\t\t<\/span>\n\t\t\t\t\t<\/a>\n\t\t\t\t<\/div>\n\t\t\t\t\t\t\t\t<\/div>\n\t\t\t\t<\/div>\n\t\t\t\t<div class=\"elementor-element elementor-element-6148cdc elementor-widget elementor-widget-text-editor\" data-id=\"6148cdc\" data-element_type=\"widget\" data-widget_type=\"text-editor.default\">\n\t\t\t\t<div class=\"elementor-widget-container\">\n\t\t\t\t\t\t\t\t\t<ul><li><strong>Soft skills<\/strong> : Proactif ; Autonome ; Travailleur en \u00e9quipe ; Diplomate, Communicateur\u2026<\/li><li><strong>Domaines prioritaires<\/strong> : Droits humains ; Appui \u00e0 la soci\u00e9t\u00e9 civile ; D\u00e9mocratie ; Bonne gouvernance ; Gestion des conflits<\/li><li><strong>C\u0153ur de m\u00e9tier<\/strong> : Formation de formateurs ; Coaching professionnel ; Etudes prospectives ; Plaidoyer ; Suivi-\u00e9valuation ; Fundraising ; Recherche.<\/li><\/ul>\t\t\t\t\t\t\t\t<\/div>\n\t\t\t\t<\/div>\n\t\t\t\t\t<\/div>\n\t\t<\/div>\n\t\t\t\t\t<\/div>\n\t\t<\/section>\n\t\t\t\t<section class=\"elementor-section elementor-top-section elementor-element elementor-element-4918a30 elementor-section-content-middle elementor-section-boxed elementor-section-height-default elementor-section-height-default\" data-id=\"4918a30\" data-element_type=\"section\" data-settings=\"{&quot;background_background&quot;:&quot;classic&quot;}\">\n\t\t\t\t\t\t<div class=\"elementor-container elementor-column-gap-no\">\n\t\t\t\t\t<div class=\"elementor-column elementor-col-100 elementor-top-column elementor-element elementor-element-f39bfb6\" data-id=\"f39bfb6\" data-element_type=\"column\">\n\t\t\t<div class=\"elementor-widget-wrap elementor-element-populated\">\n\t\t\t\t\t\t<section class=\"elementor-section elementor-inner-section elementor-element elementor-element-b6b8d01 elementor-section-boxed elementor-section-height-default elementor-section-height-default\" data-id=\"b6b8d01\" data-element_type=\"section\">\n\t\t\t\t\t\t<div class=\"elementor-container elementor-column-gap-default\">\n\t\t\t\t\t<div class=\"elementor-column elementor-col-100 elementor-inner-column elementor-element elementor-element-d41a412\" data-id=\"d41a412\" data-element_type=\"column\">\n\t\t\t<div class=\"elementor-widget-wrap elementor-element-populated\">\n\t\t\t\t\t\t<div class=\"elementor-element elementor-element-6363220 elementor-widget elementor-widget-heading\" data-id=\"6363220\" data-element_type=\"widget\" data-widget_type=\"heading.default\">\n\t\t\t\t<div class=\"elementor-widget-container\">\n\t\t\t\t\t<h2 class=\"elementor-heading-title elementor-size-default\">PRINCIPALES FONCTIONS EXERCEES ET EMPLOYEURS<\/h2>\t\t\t\t<\/div>\n\t\t\t\t<\/div>\n\t\t\t\t\t<\/div>\n\t\t<\/div>\n\t\t\t\t\t<\/div>\n\t\t<\/section>\n\t\t\t\t<div class=\"elementor-element elementor-element-3b9fb71 elementor-widget elementor-widget-text-editor\" data-id=\"3b9fb71\" data-element_type=\"widget\" data-widget_type=\"text-editor.default\">\n\t\t\t\t<div class=\"elementor-widget-container\">\n\t\t\t\t\t\t\t\t\t<p>Diverses fonctions au sein d\u2019organisations nationales et internationales depuis septembre 2003 :<sup>\u00a0<\/sup><\/p><ul><li><strong>Directeur ex\u00e9cutif de PLAYDOO-C\u00f4te d\u2019Ivoire <\/strong>(depuis mai 2019) ONG reconnue par l\u2019ECOSOC et Observatrice aupr\u00e8s de la Commission Africaine des Droits de l\u2019Homme et des Peuples de l\u2019UA.<sup>\u00a0<\/sup><\/li><\/ul><ul><li><strong>Coach-Formateur (Consultant) <\/strong>sur \u00ab\u00a0Le m\u00e9tier de consultant international\u00a0\u00bb et \u00ab\u00a0D\u00e9codage des offres de consultance \u00bb. Unit\u00e9 de Solidarit\u00e9 Internationale de Gen\u00e8ve (USIG) &#8211; <u><a href=\"http:\/\/www.usig.ch\/\">usig.ch<\/a><\/u><\/li><\/ul><ul><li><strong>Expert Analyste de la gouvernance des municipalit\u00e9s (Consultant) <\/strong>sur le projet AFD d\u2019Appui aux Gouvernements Ouverts Francophones (PAGOF) Ex\u00e9cut\u00e9 par Expertise France (novembre 2018 \u2013 avril 2019) &#8211; <a href=\"http:\/\/www.expertisefrance.fr\/\">expertisefrance.fr<\/a><\/li><\/ul><ul><li><strong>Expert Genre (Consultant) <\/strong>sur le projet Fem\u2019En Marche ex\u00e9cut\u00e9 par l\u2019ONG Initiatives Africaines pour le D\u00e9veloppement International (mars \u2013 d\u00e9c 2018) &#8211; <a href=\"http:\/\/www.iadinternational.org\/\">iadinternational.org<\/a><\/li><\/ul><ul><li><strong>Lead Coach (Consultant) <\/strong>sur le Programme Fellowship pour le coaching d\u2019Assistants en d\u00e9veloppement d\u2019affaires pour booster les PME agro-industrielles ex\u00e9cut\u00e9 par <strong>MBC Africa International<\/strong> (f\u00e9vrier &#8211; novembre 2017) <strong>\u2013<\/strong> <a href=\"http:\/\/www.mbcafrica.org\/\">mbcafrica.org<\/a><\/li><\/ul><ul><li><strong>Sp\u00e9cialiste d\u2019Appui aux Commissions de l\u2019Assembl\u00e9e nationale <\/strong>sur le <em>Programme USAID d\u2019appui \u00e0 l\u2019Assembl\u00e9e nationale (US<\/em> <em>$ 13 millions) ex\u00e9cut\u00e9 par <\/em>State University of New York &#8211; Center for International Developement (SUNY-CID) &#8211; <a href=\"http:\/\/www.suny-cid.edu\/\">suny-cid.edu<\/a><em>\u00a0<\/em><\/li><\/ul><ul><li><strong>Charg\u00e9 d\u2019Education aux Droits de l\u2019homme et \u00e0 la citoyennet\u00e9 <\/strong>pour <em>Institut National Sup\u00e9rieur des Arts et d\u2019Action Culturelle<\/em> <em>(<\/em>d\u00e9cembre 2013 \u2013 mai 2016<em>) <\/em><u>&#8211; <\/u><a href=\"http:\/\/www.insaac.org\/\">insaac.org<\/a><\/li><li><em>\u00a0<\/em><strong>Conseiller National en Communication, Plaidoyer et Veille <\/strong>sur le <em>Programme de Renforcement des Capacit\u00e9s &#8211; Leadership et<\/em> <em>Initiatives des Acteurs Non-Etatiques (RC-LIANE) Financement UE (2 Millions Euros) ex\u00e9cut\u00e9 par <\/em>Centre de Recherche et d\u2019Action pour la Paix (D\u00e9c. 2012 \u2013 D\u00e9c. 2013) &#8211; <a href=\"http:\/\/www.cerap-inades.org\/\">cerap-inades.org<\/a><\/li><li><strong>Secr\u00e9taire G\u00e9n\u00e9ral adjoint (ad interim) charg\u00e9 des ressources humaines <\/strong>pour Centre de Recherche et d\u2019Action pour la Paix (Janv. \u20132008\u2013 Juin 2009) &#8211; <a href=\"http:\/\/www.cerap-inades.org\/\">cerap-inades.org<\/a><\/li><\/ul><ul><li><strong>Secr\u00e9taire Universitaire <\/strong>pour Ecole de Sciences Morales et Politiques \/ Centre de Recherche et d\u2019Action pour la Paix (Sept. 2008\u2013 Nov. 2012) ; <a href=\"http:\/\/www.cerap-inades.org\/\">cerap-inades.org<\/a><\/li><\/ul><ul><li><strong>Documentaliste, Charg\u00e9 de la Prospective et la Gestion des Savoirs <\/strong>pour Centre de Recherche et d\u2019Action pour la Paix (Sept. 2003 \u2013 Ao\u00fbt 2008) ; <a href=\"http:\/\/www.cerap-inades.org\/\">cerap-inades.org<\/a><\/li><\/ul>\t\t\t\t\t\t\t\t<\/div>\n\t\t\t\t<\/div>\n\t\t\t\t\t<\/div>\n\t\t<\/div>\n\t\t\t\t\t<\/div>\n\t\t<\/section>\n\t\t\t\t<section class=\"elementor-section elementor-top-section elementor-element elementor-element-1854381 elementor-section-content-middle elementor-section-boxed elementor-section-height-default elementor-section-height-default\" data-id=\"1854381\" data-element_type=\"section\" data-settings=\"{&quot;background_background&quot;:&quot;classic&quot;}\">\n\t\t\t\t\t\t<div class=\"elementor-container elementor-column-gap-no\">\n\t\t\t\t\t<div class=\"elementor-column elementor-col-100 elementor-top-column elementor-element elementor-element-f46bcff\" data-id=\"f46bcff\" data-element_type=\"column\">\n\t\t\t<div class=\"elementor-widget-wrap elementor-element-populated\">\n\t\t\t\t\t\t<section class=\"elementor-section elementor-inner-section elementor-element elementor-element-4656d95 elementor-section-boxed elementor-section-height-default elementor-section-height-default\" data-id=\"4656d95\" data-element_type=\"section\">\n\t\t\t\t\t\t<div class=\"elementor-container elementor-column-gap-default\">\n\t\t\t\t\t<div class=\"elementor-column elementor-col-100 elementor-inner-column elementor-element elementor-element-1b1c1f5\" data-id=\"1b1c1f5\" data-element_type=\"column\">\n\t\t\t<div class=\"elementor-widget-wrap elementor-element-populated\">\n\t\t\t\t\t\t<div class=\"elementor-element elementor-element-68af0a6 elementor-widget elementor-widget-heading\" data-id=\"68af0a6\" data-element_type=\"widget\" data-widget_type=\"heading.default\">\n\t\t\t\t<div class=\"elementor-widget-container\">\n\t\t\t\t\t<h2 class=\"elementor-heading-title elementor-size-default\">REALISATIONS SELECTIVES <\/h2>\t\t\t\t<\/div>\n\t\t\t\t<\/div>\n\t\t\t\t\t<\/div>\n\t\t<\/div>\n\t\t\t\t\t<\/div>\n\t\t<\/section>\n\t\t\t\t<div class=\"elementor-element elementor-element-f18f410 elementor-widget elementor-widget-text-editor\" data-id=\"f18f410\" data-element_type=\"widget\" data-widget_type=\"text-editor.default\">\n\t\t\t\t<div class=\"elementor-widget-container\">\n\t\t\t\t\t\t\t\t\t<ul><li><strong>Fonction Actions Culturelles <\/strong>: A con\u00e7u et dirig\u00e9 plusieurs initiatives artistiques et culturelles dans le cadre de la promotion des droits humains et de l\u2019\u00e9quit\u00e9 femmes\/hommes en C\u00f4te d\u2019Ivoire avec ses \u00e9tudiants de l\u2019Institut National des Arts et d\u2019Action Culturelle (INSAAC) \u00e0 Abidjan. Principales cr\u00e9ations th\u00e9\u00e2trales, picturales et chor\u00e9graphiques\u00a0: \u00ab\u00a0le cacaoyer, arbre des droits de l\u2019enfant\u00a0\u00bb\u00a0; \u00ab\u00a0th\u00e9\u00e2tre radiophonique en fran\u00e7ais et en trois langues locales de C\u00f4te d\u2019Ivoire sur la Constitution sensible au genre\u00a0\u00bb.<sup>\u00a0<\/sup><\/li><\/ul><ul><li><strong>Fonction Ressources humaines &#8211; Valorisation des comp\u00e9tences \u2013 Coaching Formation <\/strong>: A g\u00e9r\u00e9 les ressources humaines du CERAP (62 salari\u00e9s nationaux et expatri\u00e9s) via la coordination des recrutements des stagiaires et la proposition d\u2019une politique d\u2019organisation apprenante ; \u00c9valu\u00e9 les \u00e9quipes projet et conduit la r\u00e9alisation des bilans des comp\u00e9tences ; Coordonn\u00e9 plusieurs \u00e9quipes projets (Secr\u00e9tariat universitaire et projet LIANE du CERAP\/UE ; Team Leader composante l\u00e9gislation, contr\u00f4le et d\u00e9veloppement institutionnel.<strong>\u00a0<\/strong><\/li><\/ul><ul><li><strong>Fonction Strat\u00e9gie et Planification <\/strong>: A contribu\u00e9 \u00e0 l\u2019\u00e9laboration de plusieurs Plans Strat\u00e9giques ; Appuy\u00e9 l\u2019\u00e9valuation du Plan Strat\u00e9gique (2013-2016) de l\u2019Assembl\u00e9e nationale ; Coordonn\u00e9 les ateliers d\u2019\u00e9laboration du Plan strat\u00e9gique (2017-2020) ; Assur\u00e9 le monitoring des Plans de travail annuel du projet Legislative strengthening programme \/ State University of New-York (LSP SUNY\/USAID).<sup>\u00a0<\/sup><\/li><\/ul><ul><li><strong>Fonction finances &#8211; Budget \u2013 Fundraising <\/strong>: A g\u00e9r\u00e9 le budget de divers d\u00e9partements (Biblioth\u00e8que sp\u00e9cialis\u00e9e en gouvernance du CERAP (25 millions FCFA\/an) ; Secr\u00e9tariat universitaire du CERAP (50 millions FCFA\/an) ; Communication et visibilit\u00e9 du Projet LIANE (80.000 \u20ac) ; Contribu\u00e9 \u00e0 la lev\u00e9e de fonds (Projet 100.000 Jeunes \u00e9lecteurs de CERAP\/UE (100.000\u20ac) \u2026<sup>\u00a0<\/sup><\/li><\/ul><ul><li><strong>Fonction Communication \u2013 Plaidoyer &#8211; Repr\u00e9sentation <\/strong>: A assist\u00e9 les d\u00e9put\u00e9s, les collectivit\u00e9s les relais communautaires, l\u2019administration d\u00e9concentr\u00e9e pour la cr\u00e9ation de plateformes communautaires collaboratives dans les circonscriptions portant qualit\u00e9 des services publics ; Appuy\u00e9 le plaidoyer Parlement\/OSCs ; Elabor\u00e9 le plan de communication en qualit\u00e9 de Conseiller national (Projet LIANE) ; Particip\u00e9 aux r\u00e9unions strat\u00e9giques du Conseil de d\u00e9veloppement du CERAP comprenant des dirigeants d\u2019entreprises des Chambres de commerce fran\u00e7aise et europ\u00e9enne\u2026<sup>\u00a0<\/sup><\/li><\/ul><ul><li><strong>Fonction Prospectives \u2013 Learning \u2013 Reporting &#8211; Recherches <\/strong>: A conduit une \u00e9tude aupr\u00e8s de 61 organismes (OSCs, institutions nationales et internationales) sur \u00ab L\u2019\u00e9tat des droits de l\u2019homme en C\u00f4te d\u2019Ivoire \u00bb dont le rapport a permis l\u2019identification des besoins en renforcement des capacit\u00e9s des OSCs et des jeunes, la formulation de projets de recherche, de formation et d\u2019\u00e9ducation populaire pour le compte du CERAP ; R\u00e9dig\u00e9 les rapports d\u2019\u00e9tapes et finaux des projets ; Produit des manuels de renforcement des capacit\u00e9s\u2026<\/li><\/ul>\t\t\t\t\t\t\t\t<\/div>\n\t\t\t\t<\/div>\n\t\t\t\t<div class=\"elementor-element elementor-element-8ab9902 elementor-align-left elementor-tablet-align-center elementor-widget elementor-widget-button\" data-id=\"8ab9902\" data-element_type=\"widget\" data-widget_type=\"button.default\">\n\t\t\t\t<div class=\"elementor-widget-container\">\n\t\t\t\t\t\t\t\t\t<div class=\"elementor-button-wrapper\">\n\t\t\t\t\t<a class=\"elementor-button elementor-button-link elementor-size-sm\" href=\"#\">\n\t\t\t\t\t\t<span class=\"elementor-button-content-wrapper\">\n\t\t\t\t\t\t\t\t\t<span class=\"elementor-button-text\">PUBLICATIONS SELECTIVES                                                                                                        <\/span>\n\t\t\t\t\t<\/span>\n\t\t\t\t\t<\/a>\n\t\t\t\t<\/div>\n\t\t\t\t\t\t\t\t<\/div>\n\t\t\t\t<\/div>\n\t\t\t\t<div class=\"elementor-element elementor-element-6b21822 elementor-widget elementor-widget-text-editor\" data-id=\"6b21822\" data-element_type=\"widget\" data-widget_type=\"text-editor.default\">\n\t\t\t\t<div class=\"elementor-widget-container\">\n\t\t\t\t\t\t\t\t\t<ul><li><p>Il a milit\u00e9 dans plusieurs organisations de la soci\u00e9t\u00e9 civile dont :<\/p><ul><li>Action des Chr\u00e9tiens pour l\u2019Abolition de la Torture (ACAT) \u2013 membre depuis 2004<\/li><li>Services de D\u00e9veloppement Solidaire (Serv\u2019S) \u2013 membre fondateur et pr\u00e9sident de 2012 \u00e0 2017<\/li><li>Conseil d\u2019Administration du CERAP \u2013 repr\u00e9sentant du coll\u00e8ge des cadres\u00a0; secr\u00e9taire de 2007-2011.<\/li><\/ul><\/li><\/ul>\t\t\t\t\t\t\t\t<\/div>\n\t\t\t\t<\/div>\n\t\t\t\t\t<\/div>\n\t\t<\/div>\n\t\t\t\t\t<\/div>\n\t\t<\/section>\n\t\t\t\t<section class=\"elementor-section elementor-top-section elementor-element elementor-element-6c571c7 elementor-section-content-middle elementor-section-boxed elementor-section-height-default elementor-section-height-default\" data-id=\"6c571c7\" data-element_type=\"section\" data-settings=\"{&quot;background_background&quot;:&quot;classic&quot;}\">\n\t\t\t\t\t\t<div class=\"elementor-container elementor-column-gap-no\">\n\t\t\t\t\t<div class=\"elementor-column elementor-col-100 elementor-top-column elementor-element elementor-element-d74990a\" data-id=\"d74990a\" data-element_type=\"column\">\n\t\t\t<div class=\"elementor-widget-wrap elementor-element-populated\">\n\t\t\t\t\t\t<section class=\"elementor-section elementor-inner-section elementor-element elementor-element-d5be1f4 elementor-section-boxed elementor-section-height-default elementor-section-height-default\" data-id=\"d5be1f4\" data-element_type=\"section\">\n\t\t\t\t\t\t<div class=\"elementor-container elementor-column-gap-default\">\n\t\t\t\t\t<div class=\"elementor-column elementor-col-100 elementor-inner-column elementor-element elementor-element-16aba62\" data-id=\"16aba62\" data-element_type=\"column\">\n\t\t\t<div class=\"elementor-widget-wrap elementor-element-populated\">\n\t\t\t\t\t\t<div class=\"elementor-element elementor-element-b22224e elementor-widget elementor-widget-heading\" data-id=\"b22224e\" data-element_type=\"widget\" data-widget_type=\"heading.default\">\n\t\t\t\t<div class=\"elementor-widget-container\">\n\t\t\t\t\t<h2 class=\"elementor-heading-title elementor-size-default\">Principaux Cours et Communications <\/h2>\t\t\t\t<\/div>\n\t\t\t\t<\/div>\n\t\t\t\t\t<\/div>\n\t\t<\/div>\n\t\t\t\t\t<\/div>\n\t\t<\/section>\n\t\t\t\t<div class=\"elementor-element elementor-element-a87e681 elementor-widget elementor-widget-text-editor\" data-id=\"a87e681\" data-element_type=\"widget\" data-widget_type=\"text-editor.default\">\n\t\t\t\t<div class=\"elementor-widget-container\">\n\t\t\t\t\t\t\t\t\t<ul><li>La bonne gouvernance associative (formation de 18 PCA et Directeurs ex\u00e9cutifs d de 09 ONG ivoiriennes \u2013 FRONTLINE C\u00f4te d\u2019Ivoire, ex-Alliance-CI)<\/li><li>Syst\u00e8me africain de protection des droits de l\u2019homme (Sessions de formations continues &#8211; CERAP)<\/li><li>Instruments et m\u00e9canismes de lutte contre la torture (Sessions de formations continues &#8211; CERAP)<\/li><li>Genre et protection des droits de la femme (Sessions de formations continues &#8211; CERAP)<\/li><li>Education aux droits de l\u2019homme et \u00e0 la citoyennet\u00e9 (cours anim\u00e9 \u00e0 l\u2019INSAAC pour les \u00e9tudiants de Licence1 et 2 en Arts dramatiques)<\/li><\/ul>\t\t\t\t\t\t\t\t<\/div>\n\t\t\t\t<\/div>\n\t\t\t\t<div class=\"elementor-element elementor-element-c88877a elementor-align-left elementor-tablet-align-center elementor-widget elementor-widget-button\" data-id=\"c88877a\" data-element_type=\"widget\" data-widget_type=\"button.default\">\n\t\t\t\t<div class=\"elementor-widget-container\">\n\t\t\t\t\t\t\t\t\t<div class=\"elementor-button-wrapper\">\n\t\t\t\t\t<a class=\"elementor-button elementor-button-link elementor-size-sm\" href=\"#\">\n\t\t\t\t\t\t<span class=\"elementor-button-content-wrapper\">\n\t\t\t\t\t\t\t\t\t<span class=\"elementor-button-text\">Exp\u00e9rience D\u2019engagement Citoyen<\/span>\n\t\t\t\t\t<\/span>\n\t\t\t\t\t<\/a>\n\t\t\t\t<\/div>\n\t\t\t\t\t\t\t\t<\/div>\n\t\t\t\t<\/div>\n\t\t\t\t<div class=\"elementor-element elementor-element-3eed52b elementor-widget elementor-widget-text-editor\" data-id=\"3eed52b\" data-element_type=\"widget\" data-widget_type=\"text-editor.default\">\n\t\t\t\t<div class=\"elementor-widget-container\">\n\t\t\t\t\t\t\t\t\t<ul><li>Guide de la gouvernance sensible au genre dans les collectivit\u00e9s d\u00e9centralis\u00e9es (2018)<\/li><li>Contr\u00f4le de l\u2019action gouvernementale : guide des missions d\u2019information parlementaire (2014)<\/li><li>Manuel des OSC pour les plaidoyers avec les d\u00e9put\u00e9s sur le processus l\u00e9gislatif (2016)<\/li><li>La Mise en \u0153uvre du partage du pouvoir et des droits \u00e9conomiques, sociaux et culturels dans le programme de d\u00e9centralisation en C\u00f4te d\u2019Ivoire \u00bb in La Lettre de l\u2019IDDH, n\u00b0 03 (2004)<\/li><li>La promotion et la protection de la femme dans la Constitution ivoirienne (2018)<\/li><li>Manuel de la recherche documentaire dans le travail parlementaire (mars 2016)<\/li><li>Analyse du projet de loi portant la lutte contre la traite des personnes et les traitements assimil\u00e9s (2016)<\/li><li>L\u2019\u00e9tat des droits de l\u2019homme en C\u00f4te d\u2019Ivoire : perspectives d\u2019une bibliographie comment\u00e9e (m\u00e9moire deDESS) juillet 2003<\/li><li>Se r\u00e9concilier et vivre ensemble pendant et apr\u00e8s le conflit \u00bb. Communication faite lors du Colloque international : \u2018\u2018Scoutisme chemin de paix\u2019\u2019 organis\u00e9 par l\u2019Association des Scouts catholiques de C\u00f4te d\u2019Ivoire et les Scouts de France \u00e0 Yamoussoukro (d\u00e9cembre 2003).<\/li><li>La Mise en \u0153uvre du partage du pouvoir et des droits \u00e9conomiques, sociaux et culturels dans le programme de d\u00e9centralisation en C\u00f4te d\u2019Ivoire \u00bb in La Lettre de l\u2019IDDH, n\u00b0 03, ao\u00fbt-sept. 2004.<\/li><li>De la libert\u00e9 de la presse au Togo, In La Lettre de l\u2019IDDH, juin \u2013 juillet 2004, p.p. 4-5.<\/li><\/ul>\t\t\t\t\t\t\t\t<\/div>\n\t\t\t\t<\/div>\n\t\t\t\t\t<\/div>\n\t\t<\/div>\n\t\t\t\t\t<\/div>\n\t\t<\/section>\n\t\t\t\t<\/div>","protected":false},"excerpt":{"rendered":"<p>GOUGOUA PHOUPHOUET DONATIEN Executive Director, PLAYDOO C\u00f4te d\u2019Ivoire Professional Career-Coach, Manager and Expert in human rights and support to civil society. Cultural action professional. Qui Suis-je? De nationalit\u00e9 ivoirienne, GOUGOUA Phouphouet Donatien justifie d\u2019un haut potentiel bas\u00e9 sur ses diff\u00e9rentes formations et les missions exerc\u00e9es, lui conf\u00e9rant le profil de Coach-Manager &#8211; Expert en Gouvernance, [&hellip;]<\/p>\n","protected":false},"author":2,"featured_media":0,"parent":0,"menu_order":0,"comment_status":"closed","ping_status":"closed","template":"elementor_header_footer","meta":{"_crdt_document":"","_uag_custom_page_level_css":"","footnotes":""},"class_list":["post-512","page","type-page","status-publish","hentry"],"uagb_featured_image_src":{"full":false,"thumbnail":false,"medium":false,"medium_large":false,"large":false,"1536x1536":false,"2048x2048":false,"trp-custom-language-flag":false,"blog-list-post-size":false},"uagb_author_info":{"display_name":"Doningnon.soro","author_link":"https:\/\/kulturedadvisors.com\/fr\/author\/doningnon-soro\/"},"uagb_comment_info":0,"uagb_excerpt":"GOUGOUA PHOUPHOUET DONATIEN Executive Director, PLAYDOO C\u00f4te d\u2019Ivoire Professional Career-Coach, Manager and Expert in human rights and support to civil society. Cultural action professional. Qui Suis-je? De nationalit\u00e9 ivoirienne, GOUGOUA Phouphouet Donatien justifie d\u2019un haut potentiel bas\u00e9 sur ses diff\u00e9rentes formations et les missions exerc\u00e9es, lui conf\u00e9rant le profil de Coach-Manager &#8211; Expert en Gouvernance,\u2026","_links":{"self":[{"href":"https:\/\/kulturedadvisors.com\/fr\/wp-json\/wp\/v2\/pages\/512","targetHints":{"allow":["GET"]}}],"collection":[{"href":"https:\/\/kulturedadvisors.com\/fr\/wp-json\/wp\/v2\/pages"}],"about":[{"href":"https:\/\/kulturedadvisors.com\/fr\/wp-json\/wp\/v2\/types\/page"}],"author":[{"embeddable":true,"href":"https:\/\/kulturedadvisors.com\/fr\/wp-json\/wp\/v2\/users\/2"}],"replies":[{"embeddable":true,"href":"https:\/\/kulturedadvisors.com\/fr\/wp-json\/wp\/v2\/comments?post=512"}],"version-history":[{"count":21,"href":"https:\/\/kulturedadvisors.com\/fr\/wp-json\/wp\/v2\/pages\/512\/revisions"}],"predecessor-version":[{"id":1638,"href":"https:\/\/kulturedadvisors.com\/fr\/wp-json\/wp\/v2\/pages\/512\/revisions\/1638"}],"wp:attachment":[{"href":"https:\/\/kulturedadvisors.com\/fr\/wp-json\/wp\/v2\/media?parent=512"}],"curies":[{"name":"wp","href":"https:\/\/api.w.org\/{rel}","templated":true}]}}